{"id":13761,"date":"2025-07-03T16:01:17","date_gmt":"2025-07-03T14:01:17","guid":{"rendered":"https:\/\/www.maison-casadebaig.com\/?page_id=13761"},"modified":"2025-07-03T17:21:34","modified_gmt":"2025-07-03T15:21:34","slug":"cottage-seminar-event-business-ossau-pyrenees","status":"publish","type":"page","link":"https:\/\/www.maison-casadebaig.com\/en\/cottage-seminar-event-business-ossau-pyrenees\/","title":{"rendered":"Seminars and Corporate Events in the Ossau Valley"},"content":{"rendered":"<div class=\"wpb-content-wrapper\"><p>[vc_row row_content_width=&#8221;grid&#8221; css=&#8221;.vc_custom_1750861237697{padding-top: 90px !important;padding-bottom: 90px !important;}&#8221;][vc_column]<div class=\"eltd-elements-holder   eltd-one-column  eltd-responsive-mode-768 \" ><div class=\"eltd-eh-item   eltd-horizontal-alignment-center \"  data-item-class=\"eltd-eh-custom-9219\" data-768-1024=\"0 14% 0 0\">\n\t<div class=\"eltd-eh-item-inner\">\n\t\t<div class=\"eltd-eh-item-content eltd-eh-custom-9219\" style=\"padding: 0 0 0 0\">\n\t\t\t<div class=\"eltd-iwt clearfix  eltd-iwt-icon-left  \">\n\t<div class=\"eltd-iwt-icon\">\n\t\t\t\t\t\t\t\t\t<img loading=\"lazy\" decoding=\"async\" width=\"47\" height=\"47\" src=\"https:\/\/www.maison-casadebaig.com\/wp-content\/uploads\/2020\/02\/flocon-etoile_02.png\" class=\"attachment-full size-full\" alt=\"\" \/>\t\t\t\t\t\t<\/div>\n\t<div class=\"eltd-iwt-content\" >\n\t\t\t\t\t<\/div>\n<\/div><div class=\"eltd-section-title-holder eltd-separator-disabled  \" >\n    <div class=\"eltd-section-title-inner\">\n                    <h6 class=\"eltd-st-subtitle\" >\n                <span>MAISON CASADEBAIG<\/span>\n            <\/h6>\n                            <h2 class=\"eltd-st-title \" style=\"margin-top: 22px\">\n                <span class=\"eltd-st-before\"><\/span>\n                <span>Make your seminar or corporate event a unique experience in our cottage in the Ossau Valley, at the heart of the Pyrenees, France<\/span>\n            <\/h2>\n                            <\/div>\n<\/div>\t\t<\/div>\n\t<\/div>\n<\/div><\/div>[vc_empty_space height=&#8221;40px&#8221;]<div class=\"eltd-elements-holder   eltd-one-column  eltd-responsive-mode-768 \" ><div class=\"eltd-eh-item    \"  data-item-class=\"eltd-eh-custom-4805\" data-1024-1280=\"20px 30px 0 0px\">\n\t<div class=\"eltd-eh-item-inner\">\n\t\t<div class=\"eltd-eh-item-content eltd-eh-custom-4805\" style=\"padding: 31px 0 0 0\">\n\t\t\t[vc_column_text css=&#8221;&#8221;]<\/p>\n<p style=\"text-align: center;\">Located at the foot of the famous <strong>Pic du Midi d\u2019Ossau<\/strong>, amidst the natural beauty of the <strong>Pyrenees<\/strong>, <strong>Maison Casadebaig<\/strong> offers a unique setting for your <strong>seminars<\/strong>, <strong>professional meetings<\/strong>, <strong>training workshops<\/strong>, or <strong>team-building retreats<\/strong>. Combining authenticity, tranquility, and comfort, our guesthouse can be <strong>fully privatized<\/strong> to welcome your colleagues in ideal conditions, far from the urban hustle. It is a place conducive to reflection, creativity, and collective dynamics.<\/p>\n<p>[\/vc_column_text]\t\t<\/div>\n\t<\/div>\n<\/div><\/div>[vc_empty_space height=&#8221;40px&#8221;][\/vc_column][\/vc_row][vc_row simple_background_color=&#8221;#f7f8f9&#8243; css=&#8221;.vc_custom_1511187963893{padding-top: 130px !important;padding-bottom: 130px !important;}&#8221;][vc_column][vc_row_inner row_content_width=&#8221;grid&#8221;][vc_column_inner]<div class=\"eltd-elements-holder   eltd-two-columns  eltd-responsive-mode-768 \" ><div class=\"eltd-eh-item   eltd-horizontal-alignment-center \" style=\"background-color: #ffffff\" data-item-class=\"eltd-eh-custom-3743\" data-1280-1600=\"0 11% 0 11%\" data-1024-1280=\"0 11% 0 11%\" data-768-1024=\"0px 5% 0px 5%\" data-680-768=\"27% 14% 27% 14%\">\n\t<div class=\"eltd-eh-item-inner\">\n\t\t<div class=\"eltd-eh-item-content eltd-eh-custom-3743\" style=\"padding: 6% 15% 8% 15%\">\n\t\t\t<div class=\"eltd-section-title-holder eltd-separator-disabled  \" >\n    <div class=\"eltd-section-title-inner\">\n                    <h6 class=\"eltd-st-subtitle\" >\n                <span>MAISON CASADEBAIG<\/span>\n            <\/h6>\n                            <h3 class=\"eltd-st-title \" style=\"margin-top: 22px\">\n                <span class=\"eltd-st-before\"><\/span>\n                <span>A place designed to combine work and relaxation<\/span>\n            <\/h3>\n                            <\/div>\n<\/div>[vc_empty_space height=&#8221;30px&#8221;][vc_column_text css=&#8221;&#8221;]Whether for a <strong>one-day workshop<\/strong> or a <strong>multi-day seminar<\/strong>, you enjoy exclusive access to the entire venue, with full flexibility to welcome your partners, teams, or clients.<\/p>\n<p><strong>Spacious and adaptable indoor spaces<\/strong>, perfect for <strong>workshops<\/strong>, <strong>meetings<\/strong>, or <strong>presentations<\/strong>.<\/p>\n<p>An <strong>exceptional natural setting<\/strong> for outdoor <strong>team-building<\/strong> activities: <strong>hiking<\/strong>, <strong>mountain sports<\/strong>, and <strong>relaxation<\/strong> in nature.<\/p>\n<p>On-site <strong>accommodation<\/strong> allows for an immersive, friendly, and refreshing experience.[\/vc_column_text][vc_empty_space height=&#8221;40px&#8221;]<a itemprop=\"url\" href=\"https:\/\/www.maison-casadebaig.com\/en\/contact\/\" target=\"_self\"  class=\"eltd-btn eltd-btn-medium eltd-btn-solid eltd-btn-line-left eltd-btn-animation-enabled\"  >\n    <span class=\"eltd-btn-text\">Contact us<\/span>\n\n        \t<span class=\"eltd-btn-hover-overlay\" ><\/span>\n    \n    <\/a>\t\t<\/div>\n\t<\/div>\n<\/div><div class=\"eltd-eh-item    \"  data-item-class=\"eltd-eh-custom-6940\">\n\t<div class=\"eltd-eh-item-inner\">\n\t\t<div class=\"eltd-eh-item-content eltd-eh-custom-6940\" style=\"padding: 0 0 0 0\">\n\t\t\t<div class=\"eltd-image-gallery  eltd-ig-slider-type eltd-large-space   eltd-custom-nav eltd-custom-nav-right eltd-hide-pagination\">\n\t<div class=\"eltd-ig-slider eltd-owl-slider\" data-number-of-items=\"1\" data-enable-loop=\"yes\" data-enable-autoplay=\"yes\" data-slider-speed=\"5000\" data-slider-speed-animation=\"600\" data-slider-padding=\"no\" data-enable-navigation=\"yes\" data-enable-custom-navigation=\"yes\" data-enable-pagination=\"yes\" data-slider-animate-out=\"fadeOut\">\n\t\t\t\t\t<div class=\"eltd-ig-image\">\n\t\t\t\t\t\t\t\t\t<img loading=\"lazy\" decoding=\"async\" width=\"700\" height=\"800\" src=\"https:\/\/www.maison-casadebaig.com\/wp-content\/uploads\/2025\/07\/gite-seminaire-entreprise-ossau-pyrenees-maison-casadebaig-2.jpg\" class=\"attachment-full size-full\" alt=\"S\u00e9jour de coh\u00e9sion d&#039;\u00e9quipe en vall\u00e9e d&#039;ossau dans les pyr\u00e9n\u00e9es\" srcset=\"https:\/\/www.maison-casadebaig.com\/wp-content\/uploads\/2025\/07\/gite-seminaire-entreprise-ossau-pyrenees-maison-casadebaig-2.jpg 700w, https:\/\/www.maison-casadebaig.com\/wp-content\/uploads\/2025\/07\/gite-seminaire-entreprise-ossau-pyrenees-maison-casadebaig-2-525x600.jpg 525w\" sizes=\"auto, (max-width: 700px) 100vw, 700px\" \/>\t\t\t\t\t\t\t<\/div>\n\t\t\t\t\t<div class=\"eltd-ig-image\">\n\t\t\t\t\t\t\t\t\t<img loading=\"lazy\" decoding=\"async\" width=\"700\" height=\"800\" src=\"https:\/\/www.maison-casadebaig.com\/wp-content\/uploads\/2025\/06\/gite-mariage-reception-ossau-pyrenees-2.jpg\" class=\"attachment-full size-full\" alt=\"G\u00eete pour \u00e9v\u00e9nements d&#039;entreprise en vall\u00e9e d&#039;ossau, pyr\u00e9n\u00e9es\" srcset=\"https:\/\/www.maison-casadebaig.com\/wp-content\/uploads\/2025\/06\/gite-mariage-reception-ossau-pyrenees-2.jpg 700w, https:\/\/www.maison-casadebaig.com\/wp-content\/uploads\/2025\/06\/gite-mariage-reception-ossau-pyrenees-2-525x600.jpg 525w\" sizes=\"auto, (max-width: 700px) 100vw, 700px\" \/>\t\t\t\t\t\t\t<\/div>\n\t\t\t\t\t<div class=\"eltd-ig-image\">\n\t\t\t\t\t\t\t\t\t<img loading=\"lazy\" decoding=\"async\" width=\"700\" height=\"800\" src=\"https:\/\/www.maison-casadebaig.com\/wp-content\/uploads\/2025\/06\/gite-mariage-reception-ossau-pyrenees-1.jpg\" class=\"attachment-full size-full\" alt=\"G\u00eete pour s\u00e9minaires d&#039;entreprise en vall\u00e9e d&#039;ossau, pyr\u00e9n\u00e9es\" srcset=\"https:\/\/www.maison-casadebaig.com\/wp-content\/uploads\/2025\/06\/gite-mariage-reception-ossau-pyrenees-1.jpg 700w, https:\/\/www.maison-casadebaig.com\/wp-content\/uploads\/2025\/06\/gite-mariage-reception-ossau-pyrenees-1-525x600.jpg 525w\" sizes=\"auto, (max-width: 700px) 100vw, 700px\" \/>\t\t\t\t\t\t\t<\/div>\n\t\t\t\t\t<div class=\"eltd-ig-image\">\n\t\t\t\t\t\t\t\t\t<img loading=\"lazy\" decoding=\"async\" width=\"700\" height=\"800\" src=\"https:\/\/www.maison-casadebaig.com\/wp-content\/uploads\/2025\/06\/gite-mariage-reception-ossau-pyrenees-3.jpg\" class=\"attachment-full size-full\" alt=\"Notre SPA pour les s\u00e9minaires professionnels en vall\u00e9e d&#039;ossau, pyr\u00e9n\u00e9es\" srcset=\"https:\/\/www.maison-casadebaig.com\/wp-content\/uploads\/2025\/06\/gite-mariage-reception-ossau-pyrenees-3.jpg 700w, https:\/\/www.maison-casadebaig.com\/wp-content\/uploads\/2025\/06\/gite-mariage-reception-ossau-pyrenees-3-525x600.jpg 525w\" sizes=\"auto, (max-width: 700px) 100vw, 700px\" \/>\t\t\t\t\t\t\t<\/div>\n\t\t\t\t\t<div class=\"eltd-ig-image\">\n\t\t\t\t\t\t\t\t\t<img loading=\"lazy\" decoding=\"async\" width=\"700\" height=\"800\" src=\"https:\/\/www.maison-casadebaig.com\/wp-content\/uploads\/2025\/07\/gite-mariage-reception-ossau-pyrenees-10.jpg\" class=\"attachment-full size-full\" alt=\"Gites pour vos \u00e9v\u00e9nements professionnels dans les Pyr\u00e9n\u00e9es\" srcset=\"https:\/\/www.maison-casadebaig.com\/wp-content\/uploads\/2025\/07\/gite-mariage-reception-ossau-pyrenees-10.jpg 700w, https:\/\/www.maison-casadebaig.com\/wp-content\/uploads\/2025\/07\/gite-mariage-reception-ossau-pyrenees-10-525x600.jpg 525w\" sizes=\"auto, (max-width: 700px) 100vw, 700px\" \/>\t\t\t\t\t\t\t<\/div>\n\t\t\t\t\t<div class=\"eltd-ig-image\">\n\t\t\t\t\t\t\t\t\t<img loading=\"lazy\" decoding=\"async\" width=\"700\" height=\"800\" src=\"https:\/\/www.maison-casadebaig.com\/wp-content\/uploads\/2025\/06\/gite-mariage-reception-ossau-pyrenees-7.jpg\" class=\"attachment-full size-full\" alt=\"Gite pour votre mariage en vall\u00e9e d&#039;ossau dans les pyr\u00e9n\u00e9es\" srcset=\"https:\/\/www.maison-casadebaig.com\/wp-content\/uploads\/2025\/06\/gite-mariage-reception-ossau-pyrenees-7.jpg 700w, https:\/\/www.maison-casadebaig.com\/wp-content\/uploads\/2025\/06\/gite-mariage-reception-ossau-pyrenees-7-525x600.jpg 525w\" sizes=\"auto, (max-width: 700px) 100vw, 700px\" \/>\t\t\t\t\t\t\t<\/div>\n\t\t\t\t\t<div class=\"eltd-ig-image\">\n\t\t\t\t\t\t\t\t\t<img loading=\"lazy\" decoding=\"async\" width=\"700\" height=\"800\" src=\"https:\/\/www.maison-casadebaig.com\/wp-content\/uploads\/2025\/06\/gite-mariage-reception-ossau-pyrenees-5.jpg\" class=\"attachment-full size-full\" alt=\"Grand gite pour votre mariage au pied du pic du midi d&#039;ossau dans les pyr\u00e9n\u00e9es\" srcset=\"https:\/\/www.maison-casadebaig.com\/wp-content\/uploads\/2025\/06\/gite-mariage-reception-ossau-pyrenees-5.jpg 700w, https:\/\/www.maison-casadebaig.com\/wp-content\/uploads\/2025\/06\/gite-mariage-reception-ossau-pyrenees-5-525x600.jpg 525w\" sizes=\"auto, (max-width: 700px) 100vw, 700px\" \/>\t\t\t\t\t\t\t<\/div>\n\t\t\t\t\t<div class=\"eltd-ig-image\">\n\t\t\t\t\t\t\t\t\t<img loading=\"lazy\" decoding=\"async\" width=\"700\" height=\"800\" src=\"https:\/\/www.maison-casadebaig.com\/wp-content\/uploads\/2025\/06\/gite-mariage-reception-ossau-pyrenees-6.jpg\" class=\"attachment-full size-full\" alt=\"Salle de Mariage en vall\u00e9e d&#039;ossau dans les pyr\u00e9n\u00e9es\" srcset=\"https:\/\/www.maison-casadebaig.com\/wp-content\/uploads\/2025\/06\/gite-mariage-reception-ossau-pyrenees-6.jpg 700w, https:\/\/www.maison-casadebaig.com\/wp-content\/uploads\/2025\/06\/gite-mariage-reception-ossau-pyrenees-6-525x600.jpg 525w\" sizes=\"auto, (max-width: 700px) 100vw, 700px\" \/>\t\t\t\t\t\t\t<\/div>\n\t\t\t\t\t<div class=\"eltd-ig-image\">\n\t\t\t\t\t\t\t\t\t<img loading=\"lazy\" decoding=\"async\" width=\"700\" height=\"800\" src=\"https:\/\/www.maison-casadebaig.com\/wp-content\/uploads\/2025\/07\/gite-seminaire-entreprise-ossau-pyrenees-maison-casadebaig-3.jpg\" class=\"attachment-full size-full\" alt=\"S\u00e9jours professionnels et s\u00e9minaires d&#039;entreprise dans notre grand gite en vall\u00e9e d&#039;ossau, pyr\u00e9n\u00e9es\" srcset=\"https:\/\/www.maison-casadebaig.com\/wp-content\/uploads\/2025\/07\/gite-seminaire-entreprise-ossau-pyrenees-maison-casadebaig-3.jpg 700w, https:\/\/www.maison-casadebaig.com\/wp-content\/uploads\/2025\/07\/gite-seminaire-entreprise-ossau-pyrenees-maison-casadebaig-3-525x600.jpg 525w\" sizes=\"auto, (max-width: 700px) 100vw, 700px\" \/>\t\t\t\t\t\t\t<\/div>\n\t\t\t<\/div>\n<\/div>\t\t<\/div>\n\t<\/div>\n<\/div><\/div>[\/vc_column_inner][\/vc_row_inner][\/vc_column][\/vc_row][vc_row row_content_width=&#8221;grid&#8221; css=&#8221;.vc_custom_1750860951478{padding-top: 125px !important;padding-bottom: 120px !important;}&#8221;][vc_column offset=&#8221;vc_col-lg-4 vc_col-md-4 vc_col-xs-12&#8243;]<div class=\"eltd-elements-holder   eltd-one-column  eltd-responsive-mode-768 \" ><div class=\"eltd-eh-item    \"  data-item-class=\"eltd-eh-custom-9307\" data-1024-1280=\"0 7% 0 0\" data-768-1024=\"0 4% 0 0\" data-680-768=\"0 35% 0 0\">\n\t<div class=\"eltd-eh-item-inner\">\n\t\t<div class=\"eltd-eh-item-content eltd-eh-custom-9307\" >\n\t\t\t<div class=\"eltd-iwt clearfix  eltd-iwt-icon-top eltd-iwt-icon-medium eltd-iwt-cont-center\">\n\t<div class=\"eltd-iwt-icon\">\n\t\t\t\t\t\t\t\t\t<img loading=\"lazy\" decoding=\"async\" width=\"71\" height=\"50\" src=\"https:\/\/www.maison-casadebaig.com\/wp-content\/uploads\/2020\/02\/seminaires.png\" class=\"attachment-full size-full\" alt=\"S\u00e9minaires Hotel du Pourtalet\" \/>\t\t\t\t\t\t<\/div>\n\t<div class=\"eltd-iwt-content\" >\n\t\t\t\t\t<h4 class=\"eltd-iwt-title\" >\n\t\t\t\t\t\t\t\t<span class=\"eltd-iwt-title-text\">Meeting room for up to 50 participants<\/span>\n\t\t\t\t\t\t\t<\/h4>\n\t\t\t\t\t\t\t<p class=\"eltd-iwt-text\" >A functional and bright space, ideal for conferences, workshops, training sessions, or presentations, equipped with all the comfort needed to encourage interaction and focus.<\/p>\n\t\t\t<\/div>\n<\/div>[vc_empty_space height=&#8221;55px&#8221;]<div class=\"eltd-iwt clearfix  eltd-iwt-icon-top eltd-iwt-icon-medium eltd-iwt-cont-center\">\n\t<div class=\"eltd-iwt-icon\">\n\t\t\t\t\t\t\t\t\t<img loading=\"lazy\" decoding=\"async\" width=\"71\" height=\"50\" src=\"https:\/\/www.maison-casadebaig.com\/wp-content\/uploads\/2022\/02\/cusine.png\" class=\"attachment-full size-full\" alt=\"Cuisine du g\u00eete\" \/>\t\t\t\t\t\t<\/div>\n\t<div class=\"eltd-iwt-content\" >\n\t\t\t\t\t<h4 class=\"eltd-iwt-title\" >\n\t\t\t\t\t\t\t\t<span class=\"eltd-iwt-title-text\">Fully equipped professional kitchen<\/span>\n\t\t\t\t\t\t\t<\/h4>\n\t\t\t\t\t\t\t<p class=\"eltd-iwt-text\" >Designed for catering services, this kitchen allows for customized meals, cocktail receptions, or coffee breaks tailored to your needs.<\/p>\n\t\t\t<\/div>\n<\/div>\t\t<\/div>\n\t<\/div>\n<\/div><\/div>[vc_empty_space height=&#8221;40px&#8221;][\/vc_column][vc_column offset=&#8221;vc_col-lg-4 vc_col-md-4 vc_col-xs-12&#8243;]<div class=\"eltd-elements-holder   eltd-one-column  eltd-responsive-mode-768 \" ><div class=\"eltd-eh-item    \"  data-item-class=\"eltd-eh-custom-7973\" data-1024-1280=\"0 0 0 4%\" data-768-1024=\"0 4% 0 0\" data-680-768=\"0 35% 0 0\">\n\t<div class=\"eltd-eh-item-inner\">\n\t\t<div class=\"eltd-eh-item-content eltd-eh-custom-7973\" >\n\t\t\t<div class=\"eltd-iwt clearfix  eltd-iwt-icon-top eltd-iwt-icon-medium eltd-iwt-cont-center\">\n\t<div class=\"eltd-iwt-icon\">\n\t\t\t\t\t\t\t\t\t<img loading=\"lazy\" decoding=\"async\" width=\"71\" height=\"50\" src=\"https:\/\/www.maison-casadebaig.com\/wp-content\/uploads\/2022\/02\/fauteuil.png\" class=\"attachment-full size-full\" alt=\"Salon du g\u00eete\" \/>\t\t\t\t\t\t<\/div>\n\t<div class=\"eltd-iwt-content\" >\n\t\t\t\t\t<h4 class=\"eltd-iwt-title\" >\n\t\t\t\t\t\t\t\t<span class=\"eltd-iwt-title-text\">Bar and lounge with fireplace<\/span>\n\t\t\t\t\t\t\t<\/h4>\n\t\t\t\t\t\t\t<p class=\"eltd-iwt-text\" >A relaxing space for informal discussions or unwinding by the fire, featuring a bar area, comfortable armchairs, and a warm atmosphere.<\/p>\n\t\t\t<\/div>\n<\/div>[vc_empty_space height=&#8221;55px&#8221;]<div class=\"eltd-iwt clearfix  eltd-iwt-icon-top eltd-iwt-icon-medium eltd-iwt-cont-center\">\n\t<div class=\"eltd-iwt-icon\">\n\t\t\t\t\t\t\t\t\t<img loading=\"lazy\" decoding=\"async\" width=\"71\" height=\"50\" src=\"https:\/\/www.maison-casadebaig.com\/wp-content\/uploads\/2020\/02\/spa.png\" class=\"attachment-full size-full\" alt=\"SPA Hotel du Pourtalet\" \/>\t\t\t\t\t\t<\/div>\n\t<div class=\"eltd-iwt-content\" >\n\t\t\t\t\t<h4 class=\"eltd-iwt-title\" >\n\t\t\t\t\t\t\t\t<span class=\"eltd-iwt-title-text\">SPA and relaxation room<\/span>\n\t\t\t\t\t\t\t<\/h4>\n\t\t\t\t\t\t\t<p class=\"eltd-iwt-text\" >A wellness area with sauna, jacuzzi, relaxation room, and mountain views \u2014 perfect for unwinding after a day of work or activities.<\/p>\n\t\t\t<\/div>\n<\/div>\t\t<\/div>\n\t<\/div>\n<\/div><\/div>[vc_empty_space height=&#8221;40px&#8221;][\/vc_column][vc_column offset=&#8221;vc_col-lg-4 vc_col-md-4 vc_col-xs-12&#8243;]<div class=\"eltd-elements-holder   eltd-one-column  eltd-responsive-mode-768 \" ><div class=\"eltd-eh-item    \"  data-item-class=\"eltd-eh-custom-3726\" data-1024-1280=\"0 0% 0 7%\" data-768-1024=\"0 4% 0 0\" data-680-768=\"0 35% 0 0\">\n\t<div class=\"eltd-eh-item-inner\">\n\t\t<div class=\"eltd-eh-item-content eltd-eh-custom-3726\" >\n\t\t\t<div class=\"eltd-iwt clearfix  eltd-iwt-icon-top eltd-iwt-icon-medium eltd-iwt-cont-center\">\n\t<div class=\"eltd-iwt-icon\">\n\t\t\t\t\t\t\t\t\t<img loading=\"lazy\" decoding=\"async\" width=\"71\" height=\"50\" src=\"https:\/\/www.maison-casadebaig.com\/wp-content\/uploads\/2020\/05\/soleil.png\" class=\"attachment-full size-full\" alt=\"\" \/>\t\t\t\t\t\t<\/div>\n\t<div class=\"eltd-iwt-content\" >\n\t\t\t\t\t<h4 class=\"eltd-iwt-title\" >\n\t\t\t\t\t\t\t\t<span class=\"eltd-iwt-title-text\">Garden and panoramic terrace<\/span>\n\t\t\t\t\t\t\t<\/h4>\n\t\t\t\t\t\t\t<p class=\"eltd-iwt-text\" >An inspiring setting for breaks, aperitifs, or outdoor activities, with breathtaking views of the Pic du Midi d\u2019Ossau to refresh your mind.<\/p>\n\t\t\t<\/div>\n<\/div>[vc_empty_space height=&#8221;55px&#8221;]<div class=\"eltd-iwt clearfix  eltd-iwt-icon-top eltd-iwt-icon-medium eltd-iwt-cont-center\">\n\t<div class=\"eltd-iwt-icon\">\n\t\t\t\t\t\t\t\t\t<img loading=\"lazy\" decoding=\"async\" width=\"71\" height=\"50\" src=\"https:\/\/www.maison-casadebaig.com\/wp-content\/uploads\/2025\/06\/lit-2.png\" class=\"attachment-full size-full\" alt=\"\" \/>\t\t\t\t\t\t<\/div>\n\t<div class=\"eltd-iwt-content\" >\n\t\t\t\t\t<h4 class=\"eltd-iwt-title\" >\n\t\t\t\t\t\t\t\t<span class=\"eltd-iwt-title-text\">3 star guesthouse with up to 25 beds<\/span>\n\t\t\t\t\t\t\t<\/h4>\n\t\t\t\t\t\t\t<p class=\"eltd-iwt-text\" >Accommodate your team on-site in comfortable lodging that fosters cohesion, disconnection, and continuous collaboration.<\/p>\n\t\t\t<\/div>\n<\/div>\t\t<\/div>\n\t<\/div>\n<\/div><\/div>[vc_empty_space height=&#8221;40px&#8221;][\/vc_column][\/vc_row][vc_row css=&#8221;.vc_custom_1593191485854{margin-bottom: 100px !important;}&#8221;][vc_column]<div class=\"eltd-google-map-holder\">\n\t<div class=\"eltd-google-map\" id=\"eltd-map-596602\" data-addresses='[\"Maison Casadebaig, Col du Pourtalet, 64440 Laruns, France\"]' data-custom-map-style=yes data-color-overlay=#393939 data-saturation=-100 data-lightness=40 data-zoom=8 data-pin=https:\/\/www.maison-casadebaig.com\/wp-content\/uploads\/2020\/02\/pin-pourtalet.png data-unique-id=596602 data-scroll-wheel=no data-height=537 ><\/div>\n\t\t\t\t<div class=\"eltd-google-map-overlay\"><\/div>\n\t<\/div>\n[\/vc_column][\/vc_row][vc_row css=&#8221;.vc_custom_1750863653235{padding-bottom: 65px !important;}&#8221;][vc_column]<div class=\"eltd-elements-holder   eltd-one-column  eltd-responsive-mode-768 \" ><div class=\"eltd-eh-item   eltd-horizontal-alignment-center \"  data-item-class=\"eltd-eh-custom-1622\">\n\t<div class=\"eltd-eh-item-inner\">\n\t\t<div class=\"eltd-eh-item-content eltd-eh-custom-1622\" >\n\t\t\t<a itemprop=\"url\" href=\"https:\/\/www.maison-casadebaig.com\/en\/contact\/\" target=\"_self\"  class=\"eltd-btn eltd-btn-medium eltd-btn-solid eltd-btn-line-left eltd-btn-animation-enabled\"  >\n    <span class=\"eltd-btn-text\">Contact us<\/span>\n\n        \t<span class=\"eltd-btn-hover-overlay\" ><\/span>\n    \n    <\/a>\t\t<\/div>\n\t<\/div>\n<\/div><\/div>[\/vc_column][\/vc_row]<\/p>\n<\/div>","protected":false},"excerpt":{"rendered":"<p>[vc_row row_content_width=&#8221;grid&#8221; css=&#8221;.vc_custom_1750861237697{padding-top: 90px !important;padding-bottom: 90px !important;}&#8221;][vc_column][vc_empty_space height=&#8221;40px&#8221;][vc_empty_space height=&#8221;40px&#8221;][\/vc_column][\/vc_row][vc_row simple_background_color=&#8221;#f7f8f9&#8243; css=&#8221;.vc_custom_1511187963893{padding-top: 130px !important;padding-bottom: 130px !important;}&#8221;][vc_column][vc_row_inner row_content_width=&#8221;grid&#8221;][vc_column_inner][\/vc_column_inner][\/vc_row_inner][\/vc_column][\/vc_row][vc_row row_content_width=&#8221;grid&#8221; css=&#8221;.vc_custom_1750860951478{padding-top: 125px [&hellip;]<\/p>\n","protected":false},"author":1,"featured_media":0,"parent":0,"menu_order":0,"comment_status":"closed","ping_status":"closed","template":"full-width.php","meta":{"footnotes":""},"class_list":["post-13761","page","type-page","status-publish","hentry"],"yoast_head":"<!-- This site is optimized with the Yoast SEO plugin v25.4 - https:\/\/yoast.com\/wordpress\/plugins\/seo\/ -->\n<title>Corporate Seminars in the Ossau Valley - Pyrenees | Maison Casadebaig<\/title>\n<meta name=\"description\" content=\"Our cottage welcomes you in the Ossau Valley, Pyrenees, France, for corporate seminars, professional events, and team-building stays.\" \/>\n<meta name=\"robots\" content=\"index, follow, max-snippet:-1, max-image-preview:large, max-video-preview:-1\" \/>\n<link rel=\"canonical\" href=\"https:\/\/www.maison-casadebaig.com\/en\/cottage-seminar-event-business-ossau-pyrenees\/\" \/>\n<meta property=\"og:locale\" content=\"en_US\" \/>\n<meta property=\"og:type\" content=\"article\" \/>\n<meta property=\"og:title\" content=\"Corporate Seminars in the Ossau Valley - Pyrenees | Maison Casadebaig\" \/>\n<meta property=\"og:description\" content=\"Our cottage welcomes you in the Ossau Valley, Pyrenees, France, for corporate seminars, professional events, and team-building stays.\" \/>\n<meta property=\"og:url\" content=\"https:\/\/www.maison-casadebaig.com\/en\/cottage-seminar-event-business-ossau-pyrenees\/\" \/>\n<meta property=\"og:site_name\" content=\"Maison Casabebaig - Cottage in Ossau Valley\" \/>\n<meta property=\"article:modified_time\" content=\"2025-07-03T15:21:34+00:00\" \/>\n<meta name=\"twitter:card\" content=\"summary_large_image\" \/>\n<meta name=\"twitter:label1\" content=\"Est. reading time\" \/>\n\t<meta name=\"twitter:data1\" content=\"7 minutes\" \/>\n<script type=\"application\/ld+json\" class=\"yoast-schema-graph\">{\"@context\":\"https:\/\/schema.org\",\"@graph\":[{\"@type\":\"WebPage\",\"@id\":\"https:\/\/www.maison-casadebaig.com\/en\/cottage-seminar-event-business-ossau-pyrenees\/\",\"url\":\"https:\/\/www.maison-casadebaig.com\/en\/cottage-seminar-event-business-ossau-pyrenees\/\",\"name\":\"Corporate Seminars in the Ossau Valley - Pyrenees | Maison Casadebaig\",\"isPartOf\":{\"@id\":\"https:\/\/www.maison-casadebaig.com\/en\/#website\"},\"datePublished\":\"2025-07-03T14:01:17+00:00\",\"dateModified\":\"2025-07-03T15:21:34+00:00\",\"description\":\"Our cottage welcomes you in the Ossau Valley, Pyrenees, France, for corporate seminars, professional events, and team-building stays.\",\"breadcrumb\":{\"@id\":\"https:\/\/www.maison-casadebaig.com\/en\/cottage-seminar-event-business-ossau-pyrenees\/#breadcrumb\"},\"inLanguage\":\"en-US\",\"potentialAction\":[{\"@type\":\"ReadAction\",\"target\":[\"https:\/\/www.maison-casadebaig.com\/en\/cottage-seminar-event-business-ossau-pyrenees\/\"]}]},{\"@type\":\"BreadcrumbList\",\"@id\":\"https:\/\/www.maison-casadebaig.com\/en\/cottage-seminar-event-business-ossau-pyrenees\/#breadcrumb\",\"itemListElement\":[{\"@type\":\"ListItem\",\"position\":1,\"name\":\"Accueil\",\"item\":\"https:\/\/www.maison-casadebaig.com\/en\/\"},{\"@type\":\"ListItem\",\"position\":2,\"name\":\"Seminars and Corporate Events in the Ossau Valley\"}]},{\"@type\":\"WebSite\",\"@id\":\"https:\/\/www.maison-casadebaig.com\/en\/#website\",\"url\":\"https:\/\/www.maison-casadebaig.com\/en\/\",\"name\":\"Maison Casabebaig - Cottage in Ossau Valley\",\"description\":\"\",\"publisher\":{\"@id\":\"https:\/\/www.maison-casadebaig.com\/en\/#organization\"},\"potentialAction\":[{\"@type\":\"SearchAction\",\"target\":{\"@type\":\"EntryPoint\",\"urlTemplate\":\"https:\/\/www.maison-casadebaig.com\/en\/?s={search_term_string}\"},\"query-input\":{\"@type\":\"PropertyValueSpecification\",\"valueRequired\":true,\"valueName\":\"search_term_string\"}}],\"inLanguage\":\"en-US\"},{\"@type\":\"Organization\",\"@id\":\"https:\/\/www.maison-casadebaig.com\/en\/#organization\",\"name\":\"Maison Casadebaig\",\"url\":\"https:\/\/www.maison-casadebaig.com\/en\/\",\"logo\":{\"@type\":\"ImageObject\",\"inLanguage\":\"en-US\",\"@id\":\"https:\/\/www.maison-casadebaig.com\/en\/#\/schema\/logo\/image\/\",\"url\":\"https:\/\/www.maison-casadebaig.com\/wp-content\/uploads\/2022\/02\/maison-casadebaig-logo-278x288-1.png\",\"contentUrl\":\"https:\/\/www.maison-casadebaig.com\/wp-content\/uploads\/2022\/02\/maison-casadebaig-logo-278x288-1.png\",\"width\":278,\"height\":288,\"caption\":\"Maison Casadebaig\"},\"image\":{\"@id\":\"https:\/\/www.maison-casadebaig.com\/en\/#\/schema\/logo\/image\/\"}}]}<\/script>\n<!-- \/ Yoast SEO plugin. -->","yoast_head_json":{"title":"Corporate Seminars in the Ossau Valley - Pyrenees | Maison Casadebaig","description":"Our cottage welcomes you in the Ossau Valley, Pyrenees, France, for corporate seminars, professional events, and team-building stays.","robots":{"index":"index","follow":"follow","max-snippet":"max-snippet:-1","max-image-preview":"max-image-preview:large","max-video-preview":"max-video-preview:-1"},"canonical":"https:\/\/www.maison-casadebaig.com\/en\/cottage-seminar-event-business-ossau-pyrenees\/","og_locale":"en_US","og_type":"article","og_title":"Corporate Seminars in the Ossau Valley - Pyrenees | Maison Casadebaig","og_description":"Our cottage welcomes you in the Ossau Valley, Pyrenees, France, for corporate seminars, professional events, and team-building stays.","og_url":"https:\/\/www.maison-casadebaig.com\/en\/cottage-seminar-event-business-ossau-pyrenees\/","og_site_name":"Maison Casabebaig - Cottage in Ossau Valley","article_modified_time":"2025-07-03T15:21:34+00:00","twitter_card":"summary_large_image","twitter_misc":{"Est. reading time":"7 minutes"},"schema":{"@context":"https:\/\/schema.org","@graph":[{"@type":"WebPage","@id":"https:\/\/www.maison-casadebaig.com\/en\/cottage-seminar-event-business-ossau-pyrenees\/","url":"https:\/\/www.maison-casadebaig.com\/en\/cottage-seminar-event-business-ossau-pyrenees\/","name":"Corporate Seminars in the Ossau Valley - Pyrenees | Maison Casadebaig","isPartOf":{"@id":"https:\/\/www.maison-casadebaig.com\/en\/#website"},"datePublished":"2025-07-03T14:01:17+00:00","dateModified":"2025-07-03T15:21:34+00:00","description":"Our cottage welcomes you in the Ossau Valley, Pyrenees, France, for corporate seminars, professional events, and team-building stays.","breadcrumb":{"@id":"https:\/\/www.maison-casadebaig.com\/en\/cottage-seminar-event-business-ossau-pyrenees\/#breadcrumb"},"inLanguage":"en-US","potentialAction":[{"@type":"ReadAction","target":["https:\/\/www.maison-casadebaig.com\/en\/cottage-seminar-event-business-ossau-pyrenees\/"]}]},{"@type":"BreadcrumbList","@id":"https:\/\/www.maison-casadebaig.com\/en\/cottage-seminar-event-business-ossau-pyrenees\/#breadcrumb","itemListElement":[{"@type":"ListItem","position":1,"name":"Accueil","item":"https:\/\/www.maison-casadebaig.com\/en\/"},{"@type":"ListItem","position":2,"name":"Seminars and Corporate Events in the Ossau Valley"}]},{"@type":"WebSite","@id":"https:\/\/www.maison-casadebaig.com\/en\/#website","url":"https:\/\/www.maison-casadebaig.com\/en\/","name":"Maison Casabebaig - Cottage in Ossau Valley","description":"","publisher":{"@id":"https:\/\/www.maison-casadebaig.com\/en\/#organization"},"potentialAction":[{"@type":"SearchAction","target":{"@type":"EntryPoint","urlTemplate":"https:\/\/www.maison-casadebaig.com\/en\/?s={search_term_string}"},"query-input":{"@type":"PropertyValueSpecification","valueRequired":true,"valueName":"search_term_string"}}],"inLanguage":"en-US"},{"@type":"Organization","@id":"https:\/\/www.maison-casadebaig.com\/en\/#organization","name":"Maison Casadebaig","url":"https:\/\/www.maison-casadebaig.com\/en\/","logo":{"@type":"ImageObject","inLanguage":"en-US","@id":"https:\/\/www.maison-casadebaig.com\/en\/#\/schema\/logo\/image\/","url":"https:\/\/www.maison-casadebaig.com\/wp-content\/uploads\/2022\/02\/maison-casadebaig-logo-278x288-1.png","contentUrl":"https:\/\/www.maison-casadebaig.com\/wp-content\/uploads\/2022\/02\/maison-casadebaig-logo-278x288-1.png","width":278,"height":288,"caption":"Maison Casadebaig"},"image":{"@id":"https:\/\/www.maison-casadebaig.com\/en\/#\/schema\/logo\/image\/"}}]}},"_links":{"self":[{"href":"https:\/\/www.maison-casadebaig.com\/en\/wp-json\/wp\/v2\/pages\/13761","targetHints":{"allow":["GET"]}}],"collection":[{"href":"https:\/\/www.maison-casadebaig.com\/en\/wp-json\/wp\/v2\/pages"}],"about":[{"href":"https:\/\/www.maison-casadebaig.com\/en\/wp-json\/wp\/v2\/types\/page"}],"author":[{"embeddable":true,"href":"https:\/\/www.maison-casadebaig.com\/en\/wp-json\/wp\/v2\/users\/1"}],"replies":[{"embeddable":true,"href":"https:\/\/www.maison-casadebaig.com\/en\/wp-json\/wp\/v2\/comments?post=13761"}],"version-history":[{"count":9,"href":"https:\/\/www.maison-casadebaig.com\/en\/wp-json\/wp\/v2\/pages\/13761\/revisions"}],"predecessor-version":[{"id":13797,"href":"https:\/\/www.maison-casadebaig.com\/en\/wp-json\/wp\/v2\/pages\/13761\/revisions\/13797"}],"wp:attachment":[{"href":"https:\/\/www.maison-casadebaig.com\/en\/wp-json\/wp\/v2\/media?parent=13761"}],"curies":[{"name":"wp","href":"https:\/\/api.w.org\/{rel}","templated":true}]}}